{"id":31,"date":"2012-06-17T00:44:39","date_gmt":"2012-06-16T22:44:39","guid":{"rendered":"http:\/\/politic.webtemplatemasters.com\/?page_id=31"},"modified":"2016-11-01T22:54:47","modified_gmt":"2016-11-01T21:54:47","slug":"gallery","status":"publish","type":"page","link":"http:\/\/grzegorznieradka.pl\/index.php\/gallery\/","title":{"rendered":"Galeria"},"content":{"rendered":"<p><strong><a href=\"http:\/\/grzegorznieradka.pl\/index.php\/2016\/11\/01\/kwesta-na-rzecz-starego-cmentarza-w-krosnie\/\">Kwesta na rzecz Starego Cmentarza w Kro\u015bnie<\/a><\/strong><\/p>\n<div id='gallery-1' class='gallery galleryid-31 gallery-columns-3 gallery-size-medium'><figure class='gallery-item'>\n\t\t\t<div class='gallery-icon landscape'>\n\t\t\t\t<a href='http:\/\/grzegorznieradka.pl\/index.php\/2016\/11\/01\/kwesta-na-rzecz-starego-cmentarza-w-krosnie\/2-6\/'><img width=\"300\" height=\"193\" src=\"http:\/\/grzegorznieradka.pl\/wp-content\/uploads\/2016\/11\/2-300x193.jpg\" class=\"attachment-medium size-medium\" alt=\"\" decoding=\"async\" loading=\"lazy\" srcset=\"http:\/\/grzegorznieradka.pl\/wp-content\/uploads\/2016\/11\/2-300x193.jpg 300w, http:\/\/grzegorznieradka.pl\/wp-content\/uploads\/2016\/11\/2-768x494.jpg 768w, http:\/\/grzegorznieradka.pl\/wp-content\/uploads\/2016\/11\/2-1024x659.jpg 1024w\" sizes=\"(max-width: 300px) 100vw, 300px\" \/><\/a>\n\t\t\t<\/div><\/figure><figure class='gallery-item'>\n\t\t\t<div class='gallery-icon landscape'>\n\t\t\t\t<a href='http:\/\/grzegorznieradka.pl\/index.php\/2016\/11\/01\/kwesta-na-rzecz-starego-cmentarza-w-krosnie\/3-9\/'><img width=\"300\" height=\"229\" src=\"http:\/\/grzegorznieradka.pl\/wp-content\/uploads\/2016\/11\/3-300x229.jpg\" class=\"attachment-medium size-medium\" alt=\"\" decoding=\"async\" loading=\"lazy\" srcset=\"http:\/\/grzegorznieradka.pl\/wp-content\/uploads\/2016\/11\/3-300x229.jpg 300w, http:\/\/grzegorznieradka.pl\/wp-content\/uploads\/2016\/11\/3-768x587.jpg 768w, http:\/\/grzegorznieradka.pl\/wp-content\/uploads\/2016\/11\/3-1024x782.jpg 1024w\" sizes=\"(max-width: 300px) 100vw, 300px\" \/><\/a>\n\t\t\t<\/div><\/figure><figure class='gallery-item'>\n\t\t\t<div class='gallery-icon landscape'>\n\t\t\t\t<a href='http:\/\/grzegorznieradka.pl\/index.php\/gallery\/4-5\/'><img width=\"300\" height=\"243\" src=\"http:\/\/grzegorznieradka.pl\/wp-content\/uploads\/2012\/06\/4-1-300x243.jpg\" class=\"attachment-medium size-medium\" alt=\"\" decoding=\"async\" loading=\"lazy\" srcset=\"http:\/\/grzegorznieradka.pl\/wp-content\/uploads\/2012\/06\/4-1-300x243.jpg 300w, http:\/\/grzegorznieradka.pl\/wp-content\/uploads\/2012\/06\/4-1-768x623.jpg 768w, http:\/\/grzegorznieradka.pl\/wp-content\/uploads\/2012\/06\/4-1-1024x830.jpg 1024w\" sizes=\"(max-width: 300px) 100vw, 300px\" \/><\/a>\n\t\t\t<\/div><\/figure><figure class='gallery-item'>\n\t\t\t<div class='gallery-icon landscape'>\n\t\t\t\t<a href='http:\/\/grzegorznieradka.pl\/index.php\/gallery\/5-5\/'><img width=\"300\" height=\"221\" src=\"http:\/\/grzegorznieradka.pl\/wp-content\/uploads\/2012\/06\/5-1-300x221.jpg\" class=\"attachment-medium size-medium\" alt=\"\" decoding=\"async\" loading=\"lazy\" srcset=\"http:\/\/grzegorznieradka.pl\/wp-content\/uploads\/2012\/06\/5-1-300x221.jpg 300w, http:\/\/grzegorznieradka.pl\/wp-content\/uploads\/2012\/06\/5-1-768x565.jpg 768w, http:\/\/grzegorznieradka.pl\/wp-content\/uploads\/2012\/06\/5-1-1024x753.jpg 1024w\" sizes=\"(max-width: 300px) 100vw, 300px\" \/><\/a>\n\t\t\t<\/div><\/figure><figure class='gallery-item'>\n\t\t\t<div class='gallery-icon landscape'>\n\t\t\t\t<a href='http:\/\/grzegorznieradka.pl\/index.php\/2016\/11\/01\/kwesta-na-rzecz-starego-cmentarza-w-krosnie\/1-10\/'><img width=\"300\" height=\"211\" src=\"http:\/\/grzegorznieradka.pl\/wp-content\/uploads\/2016\/11\/1-300x211.jpg\" class=\"attachment-medium size-medium\" alt=\"\" decoding=\"async\" loading=\"lazy\" srcset=\"http:\/\/grzegorznieradka.pl\/wp-content\/uploads\/2016\/11\/1-300x211.jpg 300w, http:\/\/grzegorznieradka.pl\/wp-content\/uploads\/2016\/11\/1-768x541.jpg 768w, http:\/\/grzegorznieradka.pl\/wp-content\/uploads\/2016\/11\/1-1024x721.jpg 1024w\" sizes=\"(max-width: 300px) 100vw, 300px\" \/><\/a>\n\t\t\t<\/div><\/figure><figure class='gallery-item'>\n\t\t\t<div class='gallery-icon landscape'>\n\t\t\t\t<a href='http:\/\/grzegorznieradka.pl\/index.php\/2016\/11\/01\/kwesta-na-rzecz-starego-cmentarza-w-krosnie\/8-2\/'><img width=\"300\" height=\"199\" src=\"http:\/\/grzegorznieradka.pl\/wp-content\/uploads\/2016\/11\/8-300x199.jpg\" class=\"attachment-medium size-medium\" alt=\"\" decoding=\"async\" loading=\"lazy\" srcset=\"http:\/\/grzegorznieradka.pl\/wp-content\/uploads\/2016\/11\/8-300x199.jpg 300w, http:\/\/grzegorznieradka.pl\/wp-content\/uploads\/2016\/11\/8-768x510.jpg 768w, http:\/\/grzegorznieradka.pl\/wp-content\/uploads\/2016\/11\/8-1024x681.jpg 1024w, http:\/\/grzegorznieradka.pl\/wp-content\/uploads\/2016\/11\/8.jpg 1500w\" sizes=\"(max-width: 300px) 100vw, 300px\" \/><\/a>\n\t\t\t<\/div><\/figure>\n\t\t<\/div>\n\n<p><strong><a href=\"http:\/\/grzegorznieradka.pl\/index.php\/2016\/10\/31\/debata-w-krosnie-jak-niemowic-o-polsce-za-granica\/\">Debata &#8222;Jak (nie)m\u00f3wi\u0107 o Polsce za granic\u0105&#8221;<\/a><\/strong><\/p>\n<div id='gallery-2' class='gallery galleryid-31 gallery-columns-3 gallery-size-medium'><figure class='gallery-item'>\n\t\t\t<div class='gallery-icon landscape'>\n\t\t\t\t<a href='http:\/\/grzegorznieradka.pl\/index.php\/gallery\/4-4\/'><img width=\"300\" height=\"199\" src=\"http:\/\/grzegorznieradka.pl\/wp-content\/uploads\/2012\/06\/4-300x199.jpg\" class=\"attachment-medium size-medium\" alt=\"\" decoding=\"async\" loading=\"lazy\" srcset=\"http:\/\/grzegorznieradka.pl\/wp-content\/uploads\/2012\/06\/4-300x199.jpg 300w, http:\/\/grzegorznieradka.pl\/wp-content\/uploads\/2012\/06\/4-768x510.jpg 768w, http:\/\/grzegorznieradka.pl\/wp-content\/uploads\/2012\/06\/4-1024x681.jpg 1024w, http:\/\/grzegorznieradka.pl\/wp-content\/uploads\/2012\/06\/4.jpg 1500w\" sizes=\"(max-width: 300px) 100vw, 300px\" \/><\/a>\n\t\t\t<\/div><\/figure><figure class='gallery-item'>\n\t\t\t<div class='gallery-icon landscape'>\n\t\t\t\t<a href='http:\/\/grzegorznieradka.pl\/index.php\/gallery\/dsc_3452-2\/'><img width=\"300\" height=\"199\" src=\"http:\/\/grzegorznieradka.pl\/wp-content\/uploads\/2012\/06\/DSC_3452-1-300x199.jpg\" class=\"attachment-medium size-medium\" alt=\"\" decoding=\"async\" loading=\"lazy\" srcset=\"http:\/\/grzegorznieradka.pl\/wp-content\/uploads\/2012\/06\/DSC_3452-1-300x199.jpg 300w, http:\/\/grzegorznieradka.pl\/wp-content\/uploads\/2012\/06\/DSC_3452-1-768x510.jpg 768w, http:\/\/grzegorznieradka.pl\/wp-content\/uploads\/2012\/06\/DSC_3452-1-1024x681.jpg 1024w, http:\/\/grzegorznieradka.pl\/wp-content\/uploads\/2012\/06\/DSC_3452-1.jpg 1500w\" sizes=\"(max-width: 300px) 100vw, 300px\" \/><\/a>\n\t\t\t<\/div><\/figure><figure class='gallery-item'>\n\t\t\t<div class='gallery-icon landscape'>\n\t\t\t\t<a href='http:\/\/grzegorznieradka.pl\/index.php\/gallery\/5-4\/'><img width=\"300\" height=\"199\" src=\"http:\/\/grzegorznieradka.pl\/wp-content\/uploads\/2012\/06\/5-300x199.jpg\" class=\"attachment-medium size-medium\" alt=\"\" decoding=\"async\" loading=\"lazy\" srcset=\"http:\/\/grzegorznieradka.pl\/wp-content\/uploads\/2012\/06\/5-300x199.jpg 300w, http:\/\/grzegorznieradka.pl\/wp-content\/uploads\/2012\/06\/5-768x510.jpg 768w, http:\/\/grzegorznieradka.pl\/wp-content\/uploads\/2012\/06\/5-1024x681.jpg 1024w, http:\/\/grzegorznieradka.pl\/wp-content\/uploads\/2012\/06\/5.jpg 1500w\" sizes=\"(max-width: 300px) 100vw, 300px\" \/><\/a>\n\t\t\t<\/div><\/figure><figure class='gallery-item'>\n\t\t\t<div class='gallery-icon landscape'>\n\t\t\t\t<a href='http:\/\/grzegorznieradka.pl\/index.php\/gallery\/2-5\/'><img width=\"300\" height=\"199\" src=\"http:\/\/grzegorznieradka.pl\/wp-content\/uploads\/2012\/06\/2-1-300x199.jpg\" class=\"attachment-medium size-medium\" alt=\"\" decoding=\"async\" loading=\"lazy\" srcset=\"http:\/\/grzegorznieradka.pl\/wp-content\/uploads\/2012\/06\/2-1-300x199.jpg 300w, http:\/\/grzegorznieradka.pl\/wp-content\/uploads\/2012\/06\/2-1-768x510.jpg 768w, http:\/\/grzegorznieradka.pl\/wp-content\/uploads\/2012\/06\/2-1-1024x681.jpg 1024w, http:\/\/grzegorznieradka.pl\/wp-content\/uploads\/2012\/06\/2-1.jpg 1500w\" sizes=\"(max-width: 300px) 100vw, 300px\" \/><\/a>\n\t\t\t<\/div><\/figure><figure class='gallery-item'>\n\t\t\t<div class='gallery-icon landscape'>\n\t\t\t\t<a href='http:\/\/grzegorznieradka.pl\/index.php\/gallery\/6-3\/'><img width=\"300\" height=\"199\" src=\"http:\/\/grzegorznieradka.pl\/wp-content\/uploads\/2012\/06\/6-300x199.jpg\" class=\"attachment-medium size-medium\" alt=\"\" decoding=\"async\" loading=\"lazy\" srcset=\"http:\/\/grzegorznieradka.pl\/wp-content\/uploads\/2012\/06\/6-300x199.jpg 300w, http:\/\/grzegorznieradka.pl\/wp-content\/uploads\/2012\/06\/6-768x510.jpg 768w, http:\/\/grzegorznieradka.pl\/wp-content\/uploads\/2012\/06\/6-1024x681.jpg 1024w, http:\/\/grzegorznieradka.pl\/wp-content\/uploads\/2012\/06\/6.jpg 1500w\" sizes=\"(max-width: 300px) 100vw, 300px\" \/><\/a>\n\t\t\t<\/div><\/figure><figure class='gallery-item'>\n\t\t\t<div class='gallery-icon landscape'>\n\t\t\t\t<a href='http:\/\/grzegorznieradka.pl\/index.php\/gallery\/1-8\/'><img width=\"300\" height=\"199\" src=\"http:\/\/grzegorznieradka.pl\/wp-content\/uploads\/2012\/06\/1-1-300x199.jpg\" class=\"attachment-medium size-medium\" alt=\"\" decoding=\"async\" loading=\"lazy\" srcset=\"http:\/\/grzegorznieradka.pl\/wp-content\/uploads\/2012\/06\/1-1-300x199.jpg 300w, http:\/\/grzegorznieradka.pl\/wp-content\/uploads\/2012\/06\/1-1-768x510.jpg 768w, http:\/\/grzegorznieradka.pl\/wp-content\/uploads\/2012\/06\/1-1-1024x681.jpg 1024w, http:\/\/grzegorznieradka.pl\/wp-content\/uploads\/2012\/06\/1-1.jpg 1500w\" sizes=\"(max-width: 300px) 100vw, 300px\" \/><\/a>\n\t\t\t<\/div><\/figure>\n\t\t<\/div>\n\n<p><a href=\"http:\/\/grzegorznieradka.pl\/index.php\/2016\/10\/22\/aukcja-charytatywna-dla-kubusia-ziobro\/\"><strong>Aukcja charytatywna dla Kubusia Ziobro &#8211; podopiecznego Stowarzyszenia &#8222;Czy\u0144 Dobro, Mimo Wszystko&#8221;\u00a0<\/strong><\/a><\/p>\n<div id='gallery-3' class='gallery galleryid-31 gallery-columns-3 gallery-size-medium'><figure class='gallery-item'>\n\t\t\t<div class='gallery-icon landscape'>\n\t\t\t\t<a href='http:\/\/grzegorznieradka.pl\/index.php\/2016\/10\/22\/aukcja-charytatywna-dla-kubusia-ziobro\/6-2\/'><img width=\"300\" height=\"200\" src=\"http:\/\/grzegorznieradka.pl\/wp-content\/uploads\/2016\/10\/6-300x200.jpg\" class=\"attachment-medium size-medium\" alt=\"\" decoding=\"async\" loading=\"lazy\" srcset=\"http:\/\/grzegorznieradka.pl\/wp-content\/uploads\/2016\/10\/6-300x200.jpg 300w, http:\/\/grzegorznieradka.pl\/wp-content\/uploads\/2016\/10\/6-768x512.jpg 768w, http:\/\/grzegorznieradka.pl\/wp-content\/uploads\/2016\/10\/6.jpg 960w\" sizes=\"(max-width: 300px) 100vw, 300px\" \/><\/a>\n\t\t\t<\/div><\/figure><figure class='gallery-item'>\n\t\t\t<div class='gallery-icon landscape'>\n\t\t\t\t<a href='http:\/\/grzegorznieradka.pl\/index.php\/2016\/10\/22\/aukcja-charytatywna-dla-kubusia-ziobro\/1-6\/'><img width=\"300\" height=\"200\" src=\"http:\/\/grzegorznieradka.pl\/wp-content\/uploads\/2016\/10\/1-300x200.jpg\" class=\"attachment-medium size-medium\" alt=\"\" decoding=\"async\" loading=\"lazy\" srcset=\"http:\/\/grzegorznieradka.pl\/wp-content\/uploads\/2016\/10\/1-300x200.jpg 300w, http:\/\/grzegorznieradka.pl\/wp-content\/uploads\/2016\/10\/1-768x512.jpg 768w, http:\/\/grzegorznieradka.pl\/wp-content\/uploads\/2016\/10\/1.jpg 960w\" sizes=\"(max-width: 300px) 100vw, 300px\" \/><\/a>\n\t\t\t<\/div><\/figure><figure class='gallery-item'>\n\t\t\t<div class='gallery-icon landscape'>\n\t\t\t\t<a href='http:\/\/grzegorznieradka.pl\/index.php\/2016\/10\/22\/aukcja-charytatywna-dla-kubusia-ziobro\/2-3\/'><img width=\"300\" height=\"200\" src=\"http:\/\/grzegorznieradka.pl\/wp-content\/uploads\/2016\/10\/2-300x200.jpg\" class=\"attachment-medium size-medium\" alt=\"\" decoding=\"async\" loading=\"lazy\" srcset=\"http:\/\/grzegorznieradka.pl\/wp-content\/uploads\/2016\/10\/2-300x200.jpg 300w, http:\/\/grzegorznieradka.pl\/wp-content\/uploads\/2016\/10\/2-768x512.jpg 768w, http:\/\/grzegorznieradka.pl\/wp-content\/uploads\/2016\/10\/2.jpg 960w\" sizes=\"(max-width: 300px) 100vw, 300px\" \/><\/a>\n\t\t\t<\/div><\/figure><figure class='gallery-item'>\n\t\t\t<div class='gallery-icon landscape'>\n\t\t\t\t<a href='http:\/\/grzegorznieradka.pl\/index.php\/2016\/10\/22\/aukcja-charytatywna-dla-kubusia-ziobro\/attachment\/7\/'><img width=\"300\" height=\"200\" src=\"http:\/\/grzegorznieradka.pl\/wp-content\/uploads\/2016\/10\/7-300x200.jpg\" class=\"attachment-medium size-medium\" alt=\"\" decoding=\"async\" loading=\"lazy\" srcset=\"http:\/\/grzegorznieradka.pl\/wp-content\/uploads\/2016\/10\/7-300x200.jpg 300w, http:\/\/grzegorznieradka.pl\/wp-content\/uploads\/2016\/10\/7-768x512.jpg 768w, http:\/\/grzegorznieradka.pl\/wp-content\/uploads\/2016\/10\/7.jpg 960w\" sizes=\"(max-width: 300px) 100vw, 300px\" \/><\/a>\n\t\t\t<\/div><\/figure><figure class='gallery-item'>\n\t\t\t<div class='gallery-icon landscape'>\n\t\t\t\t<a href='http:\/\/grzegorznieradka.pl\/index.php\/2016\/10\/22\/aukcja-charytatywna-dla-kubusia-ziobro\/attachment\/11\/'><img width=\"300\" height=\"200\" src=\"http:\/\/grzegorznieradka.pl\/wp-content\/uploads\/2016\/10\/11-300x200.jpg\" class=\"attachment-medium size-medium\" alt=\"\" decoding=\"async\" loading=\"lazy\" srcset=\"http:\/\/grzegorznieradka.pl\/wp-content\/uploads\/2016\/10\/11-300x200.jpg 300w, http:\/\/grzegorznieradka.pl\/wp-content\/uploads\/2016\/10\/11-768x512.jpg 768w, http:\/\/grzegorznieradka.pl\/wp-content\/uploads\/2016\/10\/11.jpg 960w\" sizes=\"(max-width: 300px) 100vw, 300px\" \/><\/a>\n\t\t\t<\/div><\/figure><figure class='gallery-item'>\n\t\t\t<div class='gallery-icon landscape'>\n\t\t\t\t<a href='http:\/\/grzegorznieradka.pl\/index.php\/2016\/10\/22\/aukcja-charytatywna-dla-kubusia-ziobro\/12-2\/'><img width=\"300\" height=\"200\" src=\"http:\/\/grzegorznieradka.pl\/wp-content\/uploads\/2016\/10\/12-300x200.jpg\" class=\"attachment-medium size-medium\" alt=\"\" decoding=\"async\" loading=\"lazy\" srcset=\"http:\/\/grzegorznieradka.pl\/wp-content\/uploads\/2016\/10\/12-300x200.jpg 300w, http:\/\/grzegorznieradka.pl\/wp-content\/uploads\/2016\/10\/12-768x512.jpg 768w, http:\/\/grzegorznieradka.pl\/wp-content\/uploads\/2016\/10\/12.jpg 960w\" sizes=\"(max-width: 300px) 100vw, 300px\" \/><\/a>\n\t\t\t<\/div><\/figure>\n\t\t<\/div>\n\n<p><a href=\"http:\/\/grzegorznieradka.pl\/index.php\/2016\/10\/15\/odsloniecie-i-poswiecenie-tablicy-upamietniajacej-prezydenta-rp-lecha-kaczynskiego-w-domaradzu\/\"><strong>Ods\u0142oni\u0119cie pomnika Ofiar Tragedii Smole\u0144skiej w Domaradzu<\/strong><\/a><\/p>\n<div id='gallery-4' class='gallery galleryid-31 gallery-columns-3 gallery-size-medium'><figure class='gallery-item'>\n\t\t\t<div class='gallery-icon landscape'>\n\t\t\t\t<a href='http:\/\/grzegorznieradka.pl\/index.php\/2016\/10\/15\/odsloniecie-i-poswiecenie-tablicy-upamietniajacej-prezydenta-rp-lecha-kaczynskiego-w-domaradzu\/dsc_9279\/'><img width=\"300\" height=\"200\" src=\"http:\/\/grzegorznieradka.pl\/wp-content\/uploads\/2016\/10\/DSC_9279-300x200.jpg\" class=\"attachment-medium size-medium\" alt=\"\" decoding=\"async\" loading=\"lazy\" srcset=\"http:\/\/grzegorznieradka.pl\/wp-content\/uploads\/2016\/10\/DSC_9279-300x200.jpg 300w, http:\/\/grzegorznieradka.pl\/wp-content\/uploads\/2016\/10\/DSC_9279-768x512.jpg 768w, http:\/\/grzegorznieradka.pl\/wp-content\/uploads\/2016\/10\/DSC_9279-1024x683.jpg 1024w, http:\/\/grzegorznieradka.pl\/wp-content\/uploads\/2016\/10\/DSC_9279.jpg 1200w\" sizes=\"(max-width: 300px) 100vw, 300px\" \/><\/a>\n\t\t\t<\/div><\/figure><figure class='gallery-item'>\n\t\t\t<div class='gallery-icon landscape'>\n\t\t\t\t<a href='http:\/\/grzegorznieradka.pl\/index.php\/2016\/10\/15\/odsloniecie-i-poswiecenie-tablicy-upamietniajacej-prezydenta-rp-lecha-kaczynskiego-w-domaradzu\/dsc_9292\/'><img width=\"300\" height=\"200\" src=\"http:\/\/grzegorznieradka.pl\/wp-content\/uploads\/2016\/10\/DSC_9292-300x200.jpg\" class=\"attachment-medium size-medium\" alt=\"\" decoding=\"async\" loading=\"lazy\" srcset=\"http:\/\/grzegorznieradka.pl\/wp-content\/uploads\/2016\/10\/DSC_9292-300x200.jpg 300w, http:\/\/grzegorznieradka.pl\/wp-content\/uploads\/2016\/10\/DSC_9292-768x512.jpg 768w, http:\/\/grzegorznieradka.pl\/wp-content\/uploads\/2016\/10\/DSC_9292-1024x683.jpg 1024w, http:\/\/grzegorznieradka.pl\/wp-content\/uploads\/2016\/10\/DSC_9292.jpg 1200w\" sizes=\"(max-width: 300px) 100vw, 300px\" \/><\/a>\n\t\t\t<\/div><\/figure><figure class='gallery-item'>\n\t\t\t<div class='gallery-icon landscape'>\n\t\t\t\t<a href='http:\/\/grzegorznieradka.pl\/index.php\/2016\/10\/15\/odsloniecie-i-poswiecenie-tablicy-upamietniajacej-prezydenta-rp-lecha-kaczynskiego-w-domaradzu\/dsc_9316\/'><img width=\"300\" height=\"200\" src=\"http:\/\/grzegorznieradka.pl\/wp-content\/uploads\/2016\/10\/DSC_9316-300x200.jpg\" class=\"attachment-medium size-medium\" alt=\"\" decoding=\"async\" loading=\"lazy\" srcset=\"http:\/\/grzegorznieradka.pl\/wp-content\/uploads\/2016\/10\/DSC_9316-300x200.jpg 300w, http:\/\/grzegorznieradka.pl\/wp-content\/uploads\/2016\/10\/DSC_9316-768x512.jpg 768w, http:\/\/grzegorznieradka.pl\/wp-content\/uploads\/2016\/10\/DSC_9316-1024x683.jpg 1024w, http:\/\/grzegorznieradka.pl\/wp-content\/uploads\/2016\/10\/DSC_9316.jpg 1200w\" sizes=\"(max-width: 300px) 100vw, 300px\" \/><\/a>\n\t\t\t<\/div><\/figure><figure class='gallery-item'>\n\t\t\t<div class='gallery-icon landscape'>\n\t\t\t\t<a href='http:\/\/grzegorznieradka.pl\/index.php\/2016\/10\/15\/odsloniecie-i-poswiecenie-tablicy-upamietniajacej-prezydenta-rp-lecha-kaczynskiego-w-domaradzu\/dsc_9345\/'><img width=\"300\" height=\"200\" src=\"http:\/\/grzegorznieradka.pl\/wp-content\/uploads\/2016\/10\/DSC_9345-300x200.jpg\" class=\"attachment-medium size-medium\" alt=\"\" decoding=\"async\" loading=\"lazy\" srcset=\"http:\/\/grzegorznieradka.pl\/wp-content\/uploads\/2016\/10\/DSC_9345-300x200.jpg 300w, http:\/\/grzegorznieradka.pl\/wp-content\/uploads\/2016\/10\/DSC_9345-768x512.jpg 768w, http:\/\/grzegorznieradka.pl\/wp-content\/uploads\/2016\/10\/DSC_9345-1024x683.jpg 1024w, http:\/\/grzegorznieradka.pl\/wp-content\/uploads\/2016\/10\/DSC_9345.jpg 1200w\" sizes=\"(max-width: 300px) 100vw, 300px\" \/><\/a>\n\t\t\t<\/div><\/figure><figure class='gallery-item'>\n\t\t\t<div class='gallery-icon landscape'>\n\t\t\t\t<a href='http:\/\/grzegorznieradka.pl\/index.php\/2016\/10\/15\/odsloniecie-i-poswiecenie-tablicy-upamietniajacej-prezydenta-rp-lecha-kaczynskiego-w-domaradzu\/dsc_9378-2\/'><img width=\"300\" height=\"200\" src=\"http:\/\/grzegorznieradka.pl\/wp-content\/uploads\/2016\/10\/DSC_9378-1-300x200.jpg\" class=\"attachment-medium size-medium\" alt=\"\" decoding=\"async\" loading=\"lazy\" srcset=\"http:\/\/grzegorznieradka.pl\/wp-content\/uploads\/2016\/10\/DSC_9378-1-300x200.jpg 300w, http:\/\/grzegorznieradka.pl\/wp-content\/uploads\/2016\/10\/DSC_9378-1-768x512.jpg 768w, http:\/\/grzegorznieradka.pl\/wp-content\/uploads\/2016\/10\/DSC_9378-1-1024x683.jpg 1024w, http:\/\/grzegorznieradka.pl\/wp-content\/uploads\/2016\/10\/DSC_9378-1.jpg 1200w\" sizes=\"(max-width: 300px) 100vw, 300px\" \/><\/a>\n\t\t\t<\/div><\/figure><figure class='gallery-item'>\n\t\t\t<div class='gallery-icon landscape'>\n\t\t\t\t<a href='http:\/\/grzegorznieradka.pl\/index.php\/2016\/10\/15\/odsloniecie-i-poswiecenie-tablicy-upamietniajacej-prezydenta-rp-lecha-kaczynskiego-w-domaradzu\/dsc_9446b\/'><img width=\"300\" height=\"200\" src=\"http:\/\/grzegorznieradka.pl\/wp-content\/uploads\/2016\/10\/DSC_9446b-300x200.jpg\" class=\"attachment-medium size-medium\" alt=\"\" decoding=\"async\" loading=\"lazy\" srcset=\"http:\/\/grzegorznieradka.pl\/wp-content\/uploads\/2016\/10\/DSC_9446b-300x200.jpg 300w, http:\/\/grzegorznieradka.pl\/wp-content\/uploads\/2016\/10\/DSC_9446b-768x512.jpg 768w, http:\/\/grzegorznieradka.pl\/wp-content\/uploads\/2016\/10\/DSC_9446b-1024x683.jpg 1024w, http:\/\/grzegorznieradka.pl\/wp-content\/uploads\/2016\/10\/DSC_9446b.jpg 1200w\" sizes=\"(max-width: 300px) 100vw, 300px\" \/><\/a>\n\t\t\t<\/div><\/figure>\n\t\t<\/div>\n\n<p><strong><a href=\"http:\/\/grzegorznieradka.pl\/index.php\/2016\/09\/01\/uroczystosci-77-rocznicy-wybuchu-ii-wojny-swiatowej-w-krosnie\/\">Uroczysto\u015bci 77. rocznicy wybuchu II wojny \u015bwiatowej w Kro\u015bnie<\/a><\/strong><\/p>\n<div id='gallery-5' class='gallery galleryid-31 gallery-columns-3 gallery-size-medium'><figure class='gallery-item'>\n\t\t\t<div class='gallery-icon landscape'>\n\t\t\t\t<a href='http:\/\/grzegorznieradka.pl\/index.php\/gallery\/11-2\/'><img width=\"300\" height=\"199\" src=\"http:\/\/grzegorznieradka.pl\/wp-content\/uploads\/2012\/06\/11-300x199.jpg\" class=\"attachment-medium size-medium\" alt=\"\" decoding=\"async\" loading=\"lazy\" srcset=\"http:\/\/grzegorznieradka.pl\/wp-content\/uploads\/2012\/06\/11-300x199.jpg 300w, http:\/\/grzegorznieradka.pl\/wp-content\/uploads\/2012\/06\/11-768x511.jpg 768w, http:\/\/grzegorznieradka.pl\/wp-content\/uploads\/2012\/06\/11-1024x681.jpg 1024w\" sizes=\"(max-width: 300px) 100vw, 300px\" \/><\/a>\n\t\t\t<\/div><\/figure><figure class='gallery-item'>\n\t\t\t<div class='gallery-icon landscape'>\n\t\t\t\t<a href='http:\/\/grzegorznieradka.pl\/index.php\/gallery\/12-3\/'><img width=\"300\" height=\"199\" src=\"http:\/\/grzegorznieradka.pl\/wp-content\/uploads\/2012\/06\/12-300x199.jpg\" class=\"attachment-medium size-medium\" alt=\"\" decoding=\"async\" loading=\"lazy\" srcset=\"http:\/\/grzegorznieradka.pl\/wp-content\/uploads\/2012\/06\/12-300x199.jpg 300w, http:\/\/grzegorznieradka.pl\/wp-content\/uploads\/2012\/06\/12-768x511.jpg 768w, http:\/\/grzegorznieradka.pl\/wp-content\/uploads\/2012\/06\/12-1024x681.jpg 1024w\" sizes=\"(max-width: 300px) 100vw, 300px\" \/><\/a>\n\t\t\t<\/div><\/figure><figure class='gallery-item'>\n\t\t\t<div class='gallery-icon landscape'>\n\t\t\t\t<a href='http:\/\/grzegorznieradka.pl\/index.php\/gallery\/13-3\/'><img width=\"300\" height=\"199\" src=\"http:\/\/grzegorznieradka.pl\/wp-content\/uploads\/2012\/06\/13-300x199.jpg\" class=\"attachment-medium size-medium\" alt=\"\" decoding=\"async\" loading=\"lazy\" srcset=\"http:\/\/grzegorznieradka.pl\/wp-content\/uploads\/2012\/06\/13-300x199.jpg 300w, http:\/\/grzegorznieradka.pl\/wp-content\/uploads\/2012\/06\/13-768x511.jpg 768w, http:\/\/grzegorznieradka.pl\/wp-content\/uploads\/2012\/06\/13-1024x681.jpg 1024w\" sizes=\"(max-width: 300px) 100vw, 300px\" \/><\/a>\n\t\t\t<\/div><\/figure><figure class='gallery-item'>\n\t\t\t<div class='gallery-icon landscape'>\n\t\t\t\t<a href='http:\/\/grzegorznieradka.pl\/index.php\/gallery\/1-7\/'><img width=\"300\" height=\"199\" src=\"http:\/\/grzegorznieradka.pl\/wp-content\/uploads\/2012\/06\/1-300x199.jpg\" class=\"attachment-medium size-medium\" alt=\"\" decoding=\"async\" loading=\"lazy\" srcset=\"http:\/\/grzegorznieradka.pl\/wp-content\/uploads\/2012\/06\/1-300x199.jpg 300w, http:\/\/grzegorznieradka.pl\/wp-content\/uploads\/2012\/06\/1-768x511.jpg 768w, http:\/\/grzegorznieradka.pl\/wp-content\/uploads\/2012\/06\/1-1024x681.jpg 1024w\" sizes=\"(max-width: 300px) 100vw, 300px\" \/><\/a>\n\t\t\t<\/div><\/figure><figure class='gallery-item'>\n\t\t\t<div class='gallery-icon landscape'>\n\t\t\t\t<a href='http:\/\/grzegorznieradka.pl\/index.php\/gallery\/2-4\/'><img width=\"300\" height=\"199\" src=\"http:\/\/grzegorznieradka.pl\/wp-content\/uploads\/2012\/06\/2-300x199.jpg\" class=\"attachment-medium size-medium\" alt=\"\" decoding=\"async\" loading=\"lazy\" srcset=\"http:\/\/grzegorznieradka.pl\/wp-content\/uploads\/2012\/06\/2-300x199.jpg 300w, http:\/\/grzegorznieradka.pl\/wp-content\/uploads\/2012\/06\/2-768x511.jpg 768w, http:\/\/grzegorznieradka.pl\/wp-content\/uploads\/2012\/06\/2-1024x681.jpg 1024w\" sizes=\"(max-width: 300px) 100vw, 300px\" \/><\/a>\n\t\t\t<\/div><\/figure><figure class='gallery-item'>\n\t\t\t<div class='gallery-icon landscape'>\n\t\t\t\t<a href='http:\/\/grzegorznieradka.pl\/index.php\/gallery\/3-7\/'><img width=\"300\" height=\"199\" src=\"http:\/\/grzegorznieradka.pl\/wp-content\/uploads\/2012\/06\/3-300x199.jpg\" class=\"attachment-medium size-medium\" alt=\"\" decoding=\"async\" loading=\"lazy\" srcset=\"http:\/\/grzegorznieradka.pl\/wp-content\/uploads\/2012\/06\/3-300x199.jpg 300w, http:\/\/grzegorznieradka.pl\/wp-content\/uploads\/2012\/06\/3-768x511.jpg 768w, http:\/\/grzegorznieradka.pl\/wp-content\/uploads\/2012\/06\/3-1024x681.jpg 1024w\" sizes=\"(max-width: 300px) 100vw, 300px\" \/><\/a>\n\t\t\t<\/div><\/figure>\n\t\t<\/div>\n\n","protected":false},"excerpt":{"rendered":"<p>Kwesta na rzecz Starego Cmentarza w Kro\u015bnie Debata &#8222;Jak (nie)m\u00f3wi\u0107 o Polsce za granic\u0105&#8221; Aukcja charytatywna dla Kubusia Ziobro &#8211; &#8230;<\/p>\n","protected":false},"author":1,"featured_media":0,"parent":0,"menu_order":3,"comment_status":"open","ping_status":"closed","template":"","meta":[],"_links":{"self":[{"href":"http:\/\/grzegorznieradka.pl\/index.php\/wp-json\/wp\/v2\/pages\/31"}],"collection":[{"href":"http:\/\/grzegorznieradka.pl\/index.php\/wp-json\/wp\/v2\/pages"}],"about":[{"href":"http:\/\/grzegorznieradka.pl\/index.php\/wp-json\/wp\/v2\/types\/page"}],"author":[{"embeddable":true,"href":"http:\/\/grzegorznieradka.pl\/index.php\/wp-json\/wp\/v2\/users\/1"}],"replies":[{"embeddable":true,"href":"http:\/\/grzegorznieradka.pl\/index.php\/wp-json\/wp\/v2\/comments?post=31"}],"version-history":[{"count":12,"href":"http:\/\/grzegorznieradka.pl\/index.php\/wp-json\/wp\/v2\/pages\/31\/revisions"}],"predecessor-version":[{"id":2031,"href":"http:\/\/grzegorznieradka.pl\/index.php\/wp-json\/wp\/v2\/pages\/31\/revisions\/2031"}],"wp:attachment":[{"href":"http:\/\/grzegorznieradka.pl\/index.php\/wp-json\/wp\/v2\/media?parent=31"}],"curies":[{"name":"wp","href":"https:\/\/api.w.org\/{rel}","templated":true}]}}